{"id":179,"date":"2014-10-02T20:26:15","date_gmt":"2014-10-02T18:26:15","guid":{"rendered":"http:\/\/codeinbarrels.net\/fz\/projekt-blog\/?page_id=179"},"modified":"2014-10-02T20:49:09","modified_gmt":"2014-10-02T18:49:09","slug":"das-suse-projekt-2","status":"publish","type":"page","link":"https:\/\/www.frauenberatung-anwendungen.de\/projekt-blog\/das-suse-projekt-2\/","title":{"rendered":"Das Suse Projekt"},"content":{"rendered":"<p>2012 ver\u00f6ffentlichte das Bundesministerium f\u00fcr Familie, Senioren, Frauen und Jugend die Studie \u201cLebenssituation und Belastungen von Frauen mit Beeintr\u00e4chtigungen und Behinderungen\u201d. (<a href=\"http:\/\/www.bmfsfj.de\/RedaktionBMFSFJ\/Broschuerenstelle\/Pdf-Anlagen\/Lebenssituation-und-Belastungen-von-Frauen-mit-Behinderungen-Kurzfassung,property=pdf,bereich=bmfsfj,sprache=de,rwb=true.pdf\" target=\"_blank\">Kurzfassung<\/a> , <a href=\"http:\/\/www.bmfsfj.de\/BMFSFJ\/gleichstellung,did=199822.html\" target=\"_blank\">Langfassung<\/a>)<\/p>\n<p>Die in der Studie befragen Frauen waren im Lebensverlauf allen Formen von Gewalt h\u00e4ufiger ausgesetzt als nicht behinderte Frauen. Gleichzeitig waren f\u00fcr die Frauen Unterst\u00fctzungsangebote \u00fcberwiegend nicht zug\u00e4nglich.<\/p>\n<p>Ziel von Suse ist es, die Einrichtungen der Behindertenhilfe (Werkst\u00e4tten, Wohnheime, Wohn-Gruppen , Schulen, Kinderg\u00e4rten und Ausbildungseinrichtungen) mit dem \u00fcbrigen Hilfesystem (z.B.\u00a0Beratungsstellen, \u00c4rztinnen, Therapeutinnen, Fachkliniken, Rechtsanw\u00e4ltinnen, Polizei,\u00a0 Frauenhaus) zu vernetzen.<\/p>\n<p>Weitere Informationen \u00fcber Suse finden Sie unter<\/p>\n<p><a href=\"http:\/\/www.frauenberatung-hsk.de\/suse\/suse.html\">http:\/\/www.frauenberatung-hsk.de\/suse\/suse.html<\/a><\/p>\n<p>und<\/p>\n<p><a href=\"https:\/\/www.frauen-gegen-gewalt.de\/projekt-suse.html\">https:\/\/www.frauen-gegen-gewalt.de\/projekt-suse.html<\/a><\/p>\n<p>&nbsp;<\/p>\n<p>&nbsp;<\/p>\n<p>&nbsp;<\/p>\n","protected":false},"excerpt":{"rendered":"<p>2012 ver\u00f6ffentlichte das Bundesministerium f\u00fcr Familie, Senioren, Frauen und Jugend die Studie \u201cLebenssituation und Belastungen von Frauen mit Beeintr\u00e4chtigungen und Behinderungen\u201d. (Kurzfassung , Langfassung) Die in der Studie befragen Frauen waren im Lebensverlauf allen Formen von Gewalt h\u00e4ufiger ausgesetzt als nicht behinderte Frauen. Gleichzeitig waren f\u00fcr die Frauen Unterst\u00fctzungsangebote \u00fcberwiegend nicht zug\u00e4nglich. Ziel von Suse &hellip; <a href=\"https:\/\/www.frauenberatung-anwendungen.de\/projekt-blog\/das-suse-projekt-2\/\" class=\"more-link\"><span class=\"screen-reader-text\">Das Suse Projekt<\/span> weiterlesen <span class=\"meta-nav\">&rarr;<\/span><\/a><\/p>\n","protected":false},"author":6,"featured_media":0,"parent":0,"menu_order":0,"comment_status":"open","ping_status":"open","template":"","meta":{"footnotes":""},"class_list":["post-179","page","type-page","status-publish","hentry"],"_links":{"self":[{"href":"https:\/\/www.frauenberatung-anwendungen.de\/projekt-blog\/wp-json\/wp\/v2\/pages\/179","targetHints":{"allow":["GET"]}}],"collection":[{"href":"https:\/\/www.frauenberatung-anwendungen.de\/projekt-blog\/wp-json\/wp\/v2\/pages"}],"about":[{"href":"https:\/\/www.frauenberatung-anwendungen.de\/projekt-blog\/wp-json\/wp\/v2\/types\/page"}],"author":[{"embeddable":true,"href":"https:\/\/www.frauenberatung-anwendungen.de\/projekt-blog\/wp-json\/wp\/v2\/users\/6"}],"replies":[{"embeddable":true,"href":"https:\/\/www.frauenberatung-anwendungen.de\/projekt-blog\/wp-json\/wp\/v2\/comments?post=179"}],"version-history":[{"count":10,"href":"https:\/\/www.frauenberatung-anwendungen.de\/projekt-blog\/wp-json\/wp\/v2\/pages\/179\/revisions"}],"predecessor-version":[{"id":192,"href":"https:\/\/www.frauenberatung-anwendungen.de\/projekt-blog\/wp-json\/wp\/v2\/pages\/179\/revisions\/192"}],"wp:attachment":[{"href":"https:\/\/www.frauenberatung-anwendungen.de\/projekt-blog\/wp-json\/wp\/v2\/media?parent=179"}],"curies":[{"name":"wp","href":"https:\/\/api.w.org\/{rel}","templated":true}]}}